{"id":81,"date":"2014-09-01T19:45:55","date_gmt":"2014-09-01T19:45:55","guid":{"rendered":"http:\/\/rafalk-elblag.pl\/?page_id=81"},"modified":"2015-07-02T14:26:11","modified_gmt":"2015-07-02T14:26:11","slug":"szkaplerz-najswietszej-maryi-panny-z-gory-karmel","status":"publish","type":"page","link":"https:\/\/rafalk-elblag.pl\/?page_id=81","title":{"rendered":"Szkaplerz Naj\u015bwi\u0119tszej Maryi Panny z G\u00f3ry Karmel"},"content":{"rendered":"<p><a href=\"http:\/\/rafalk-elblag.pl\/wp-content\/uploads\/2014\/09\/banner-szkaplerz.jpg\"><img loading=\"lazy\" decoding=\"async\" class=\"size-full wp-image-88 aligncenter\" src=\"http:\/\/rafalk-elblag.pl\/wp-content\/uploads\/2014\/09\/banner-szkaplerz.jpg\" alt=\"banner - szkaplerz\" width=\"580\" height=\"286\" srcset=\"https:\/\/rafalk-elblag.pl\/wp-content\/uploads\/2014\/09\/banner-szkaplerz.jpg 580w, https:\/\/rafalk-elblag.pl\/wp-content\/uploads\/2014\/09\/banner-szkaplerz-300x147.jpg 300w\" sizes=\"auto, (max-width: 580px) 100vw, 580px\" \/><\/a><\/p>\n<p style=\"text-align: justify;\">W naszej parafii istnieje mo\u017cliwo\u015b\u0107 przyj\u0119cia Szkaplerza Karmelita\u0144skiego a co za tym idzie do Rodziny Szkaplerznej a nast\u0119pnie do\u00a0Bractwa Szkaplerznego. <strong>Tak\u0105 mo\u017cliwo\u015b\u0107 mamy 16 dnia ka\u017cdego miesi\u0105ca na Mszy \u015aw. o godz. 18.00<\/strong> kiedy to Rodzina Szkaplerzna gromadz\u00a0si\u0119 na comiesi\u0119cznym spotkaniu formacyjnym.<\/p>\n<h3 style=\"text-align: justify;\"><\/h3>\n<h3 style=\"text-align: justify;\"><span style=\"color: #666699;\"><strong>A czym w og\u00f3le \u00a0jest Szkaplerz\u00a0Naj\u015bwi\u0119tszej Maryi Panny z G\u00f3ry Karmel?<\/strong><\/span><\/h3>\n<p style=\"text-align: justify;\"><a href=\"http:\/\/rafalk-elblag.pl\/wp-content\/uploads\/2014\/09\/blog_ek_356092_7540758_tr_szkaplerz2.jpg\"><img loading=\"lazy\" decoding=\"async\" class=\"alignleft wp-image-82\" src=\"http:\/\/rafalk-elblag.pl\/wp-content\/uploads\/2014\/09\/blog_ek_356092_7540758_tr_szkaplerz2.jpg\" alt=\"blog_ek_356092_7540758_tr_szkaplerz2\" width=\"150\" height=\"172\" srcset=\"https:\/\/rafalk-elblag.pl\/wp-content\/uploads\/2014\/09\/blog_ek_356092_7540758_tr_szkaplerz2.jpg 353w, https:\/\/rafalk-elblag.pl\/wp-content\/uploads\/2014\/09\/blog_ek_356092_7540758_tr_szkaplerz2-261x300.jpg 261w\" sizes=\"auto, (max-width: 150px) 100vw, 150px\" \/><\/a><\/p>\n<p style=\"text-align: justify;\">Szkaplerz to Znak Macierzy\u0144skiej Mi\u0142o\u015bci i Opieki Maryi. Szkaplerz Karmelita\u0144ski jest wykonany z sukna we\u0142nianego koloru br\u0105zowego. Sk\u0142ada si\u0119 z dw\u00f3ch kawa\u0142k\u00f3w materia\u0142u po\u0142\u0105czonych ze sob\u0105 dwoma sznurkami lub tasiemkami. Na jednym znajduje si\u0119 wizerunek Matki Bo\u017cej Szkaplerznej, a na drugim wizerunek Naj\u015bwi\u0119tszego Serca Pana Jezusa. Jest te\u017c cz\u0119sto zast\u0119powany Medalikiem z podobnymi wizerunkami.<\/p>\n<p style=\"text-align: justify;\"><span style=\"color: #ffffff;\">1<\/span><\/p>\n<p style=\"text-align: justify;\"><span style=\"color: #ffffff;\">1<\/span><\/p>\n<h3 style=\"text-align: justify;\"><span style=\"color: #666699;\"><strong>Historia<\/strong><\/span><\/h3>\n<p style=\"text-align: justify;\">Zakon Karmelita\u0144ski zosta\u0142 uformowany i wy\u0142oniony z wsp\u00f3lnoty chrze\u015bcija\u0144skich pustelnik\u00f3w, kt\u00f3rzy przebywali na<br \/>\nG\u00f3rze Karmel w Palestynie od V do XIII wieku. Ich centrum<img loading=\"lazy\" decoding=\"async\" class=\"alignright  wp-image-100\" src=\"http:\/\/rafalk-elblag.pl\/wp-content\/uploads\/2014\/09\/mid_4274.jpg\" alt=\"mid_4274\" width=\"301\" height=\"173\" srcset=\"https:\/\/rafalk-elblag.pl\/wp-content\/uploads\/2014\/09\/mid_4274.jpg 400w, https:\/\/rafalk-elblag.pl\/wp-content\/uploads\/2014\/09\/mid_4274-300x172.jpg 300w\" sizes=\"auto, (max-width: 301px) 100vw, 301px\" \/> znajdowa\u0142o si\u0119 przy \u017ar\u00f3dle Eliasza. Dzi\u015b mo\u017cna tam zobaczy\u0107 ruiny klasztoru. W XVIII wieku pustelnicy zbudowali \u015bwi\u0105tyni\u0119 Matki Bo\u017cej w stylu bizantyjskim, kt\u00f3ra sta\u0142a si\u0119 o\u015brodkiem kultu. Podczas trz\u0119sie\u0144 ziemi i najazd\u00f3w muzu\u0142man\u00f3w uleg\u0142a zniszczeniu. Do wsp\u00f3lnoty do\u0142\u0105czyli w drugiej po\u0142owie XII wieku krzy\u017cowcy z Europy, tworz\u0105c razem wsp\u00f3lnot\u0119 zakonn\u0105. W 1209r. zosta\u0142a napisana oraz nadana zakonowi regu\u0142a, kt\u00f3ra by\u0142a oparta na sposobie ich \u017cycia. P\u00f3\u017aniej zbudowano now\u0105 \u015bwi\u0105tyni\u0119 w stylu gotyckim, kt\u00f3ra by\u0142a dedykowana r\u00f3wnie\u017c Matce Bo\u017cej. Pierwotna regu\u0142a napisana przez Alberta, kt\u00f3ry by\u0142 patriarch\u0105 jerozolimskim, zosta\u0142a zatwierdzona przez papie\u017ca Honoriusza III \u2013 3 stycznia 1226r. bull\u0105 <em>Ut vivendi norma<\/em>. Papie\u017c Grzegorz IX ponowi\u0142 aprobat\u0119 papie\u017ca Honoriusza III bull\u0105 <em>Ex officii nostri <\/em>z 6 kwietnia 1229r. i przyj\u0105\u0142 pod protekcj\u0119 Stolicy Apostolskiej Zakon Karmelita\u0144ski. Aby odr\u00f3\u017cni\u0107 si\u0119 od innych zakon\u00f3w nadali sobie nazw\u0119 \u201eFratres Beatae Mariae Virginis\u201d. Po raz pierwszy oficjalnie wyst\u0105pi\u0142a ona w bulli z 15 stycznia 1256r. napisanej przez papie\u017ca Aleksandra IV. Na Kapitule Generalnej w Barcelonie zosta\u0142y opublikowane pierwsze konstytucje zakonu w roku 1324: \u201edaj\u0105c \u015bwiadectwo prawdzie, m\u00f3wimy, \u017ce nast\u0119pcy Eliasza i Elizeusza zbudowali w tej miejscowo\u015bci (w pobli\u017cu \u017ar\u00f3d\u0142a Eliasza) ko\u015bci\u00f3\u0142 na cze\u015b\u0107 B\u0142ogos\u0142awionej Dziewicy Maryi i wybrali Jej imi\u0119 jako przydomek, z tego powodu i od tego czasu, z przywileju apostolskiego nazywali si\u0119 bra\u0107mi Naj\u015bwi\u0119tszej Maryi Panny z G\u00f3ry Karmelu&#8221;. T\u0142umaczy\u0142o to ich nazw\u0119. Budowano wiele ko\u015bcio\u0142\u00f3w pod wezwaniem Matki Bo\u017cej, kt\u00f3re by\u0142y wyrazami wdzi\u0119czno\u015bci i czci. W roku 1766 by\u0142o ich 526 z tego 293 pod wezwaniem NMP z G\u00f3ry Karmel.\u00a0 Papie\u017ce Sykstus IV oraz Juliusz II obdarzyli ko\u015bcio\u0142y zawierzone Matce Bo\u017cej odpustami. Zwiastowanie, Oczyszczenie, Narodzenie NMP i Wniebowzi\u0119cie to uroczysto\u015bci maryjne obchodzone od XIII wieku w zakonie. W XIV wieku zacz\u0119to obchodzi\u0107 jeszcze \u015bwi\u0119to Matki Bo\u017cej z G\u00f3ry Karmel, mia\u0142a to by\u0107 pami\u0105tka i wotum wdzi\u0119czno\u015bci za liczne i wielkie dobrodziejstwa, kt\u00f3rymi Maryja obdarzy\u0142a zakon. Pocz\u0105tkowo wprowadzone zosta\u0142o w Anglii, a nast\u0119pnie obowi\u0105zywa\u0142o od roku 1609 w ca\u0142ym zakonie. Nosi\u0142o nazw\u0119: \u015bwi\u0119to Matki Bo\u017cej Szkaplerznej. W Ko\u015bciele Katolickim zosta\u0142o\u00a0 wprowadzone 24 wrze\u015bnia 1726r. przez papie\u017ca Benedykta XIV. Kapitu\u0142a Generalna w 1564 roku wprowadzi\u0142a kalendarz liturgiczny, gdzie dodano \u015bwi\u0119to Ofiarowania i Matki Bo\u017cej \u015anie\u017cnej oraz Nawiedzenie NMP. Oktawa uroczysto\u015bci ku czci Matki Bo\u017cej Szkaplerznej zosta\u0142a wyjednana przez zakon w 1628 roku u Stolicy Apostolskiej.\u00a0 Poszczeg\u00f3lne prowincje wprowadza\u0142y jeszcze \u015bwi\u0119ta lokalne (np. MB Mi\u0142osierdzia, MB Cz\u0119stochowskiej)\u201d. W ka\u017cd\u0105 sobot\u0119 natomiast odprawiano Msz\u0119 \u015bwi\u0119t\u0105 z oficjum o Matce Bo\u017cej. Konstytucje z 1593 roku nakazywa\u0142y sprawowanie nabo\u017ce\u0144stw z procesjami i kazaniami w drug\u0105 niedziel\u0119 miesi\u0105ca. Zakonnice wchodz\u0105ce do celi pozdrawia\u0142y drug\u0105 osob\u0119 <em>Ave Maria<\/em>.<\/p>\n<p style=\"text-align: justify;\">Je\u015bli chodzi o tereny dzisiejszej diecezji elbl\u0105skiej to bractwo szkaplerzne dotar\u0142o do Prus na pocz\u0105tku XVIII wieku. Pierwsze bractwo zosta\u0142o zorganizowane w 1719 roku w Lubieszewie. By\u0142 to teren Oficjalatu Pomeza\u0144skiego. Bractwo to by\u0142o \u015bci\u015ble zwi\u0105zane z krakowskim zakonem karmelit\u00f3w. Na terenie diecezji pomeza\u0144skiej by\u0142o wiele bractw zw\u0142aszcza maryjnych m.in. Bractwo r\u00f3\u017ca\u0144cowe, Bractwo Niepokalanego Serca Maryi i wspomniane ju\u017c wcze\u015bniej Bractwo Szkaplerzne.<\/p>\n<p style=\"text-align: justify;\"><strong>\u00a0<\/strong><\/p>\n<h3 style=\"text-align: justify;\"><span style=\"color: #666699;\"><strong>Przywileje szkaplerza karmelita\u0144skiego: <\/strong><\/span><\/h3>\n<p style=\"text-align: justify;\">1. Kto umrze odziany szkaplerzem \u015bwi\u0119tym, nie zostanie pot\u0119piony;<br \/>\n2. Nosz\u0105cy szkaplerz jako czciciel Matki Bo\u017cej zapewnia sobie Jej opiek\u0119, co do duszy i cia\u0142a w tym \u017cyciu i szczeg\u00f3ln\u0105 pomoc w godzinie \u015bmierci;<br \/>\n3. Ka\u017cdy, kto pobo\u017cnie nosi szkaplerz i zachowuje czysto\u015b\u0107 wed\u0142ug stanu, zostanie wybawiony z czy\u015b\u0107ca w pierwsz\u0105 sobot\u0119 po swojej \u015bmierci;<br \/>\n4. Ci, kt\u00f3rzy nale\u017c\u0105 do Bractwa Szkaplerznego, s\u0105 duchowo z\u0142\u0105czeni z Zakonem Karmelita\u0144skim i maj\u0105 udzia\u0142 w jego dobrach duchowych za \u017cycia ziemskiego i po \u015bmierci, a wi\u0119c we Mszach \u015bwi\u0119tych, Komuniach \u015bw., umartwieniach, modlitwach, postach itp.<\/p>\n<p style=\"text-align: justify;\"><span style=\"color: #ffffff;\">1<\/span><\/p>\n<h3 style=\"text-align: justify;\"><span style=\"color: #666699;\"><strong>Obowi\u0105zki nosz\u0105cych szkaplerz:<\/strong><\/span><\/h3>\n<p style=\"text-align: justify;\">1. Przyj\u0105\u0107 szkaplerz karmelita\u0144ski z r\u0105k kap\u0142ana (w naszej diecezji taka mo\u017cliwo\u015b\u0107 istnieje ka\u017cdego 16 dnia miesi\u0105ca w parafii pw. \u015aw. Rafa\u0142a Kalinowskiego w Elbl\u0105gu);<br \/>\n2. Wpisa\u0107 si\u0119 do ksi\u0119gi Bractwa Szkaplerznego;<br \/>\n3. W dzie\u0144 i w nocy nosi\u0107 na sobie szkaplerz;<br \/>\n4. Odmawia\u0107 codziennie modlitw\u0119 nadan\u0105 w dniu przyj\u0119cia do Bractwa (zazwyczaj jest to modlitwa: &#8222;Pod Twoj\u0105 obron\u0119&#8230;&#8221;);<br \/>\n5. Na\u015bladowa\u0107 cnoty Matki Naj\u015bwi\u0119tszej i szerzy\u0107 Jej cze\u015b\u0107;<\/p>\n<p style=\"text-align: justify;\"><span style=\"color: #ffffff;\"><strong>=<\/strong><\/span><\/p>\n<h3 style=\"text-align: justify;\"><span style=\"color: #666699;\"><strong>\u015aw. Jan Pawe\u0142 II o szkaplerzu:<\/strong><\/span><\/h3>\n<p style=\"text-align: justify;\"><a href=\"http:\/\/rafalk-elblag.pl\/wp-content\/uploads\/2014\/09\/JP-II.jpg\"><img loading=\"lazy\" decoding=\"async\" class=\"alignleft size-full wp-image-101\" src=\"http:\/\/rafalk-elblag.pl\/wp-content\/uploads\/2014\/09\/JP-II.jpg\" alt=\"JP II\" width=\"250\" height=\"330\" srcset=\"https:\/\/rafalk-elblag.pl\/wp-content\/uploads\/2014\/09\/JP-II.jpg 250w, https:\/\/rafalk-elblag.pl\/wp-content\/uploads\/2014\/09\/JP-II-227x300.jpg 227w\" sizes=\"auto, (max-width: 250px) 100vw, 250px\" \/><\/a>&#8222;No\u015bcie zawsze szkaplerz \u015bwi\u0119ty. Ja zawsze mam szkaplerz na sobie, i wiele z tego nabo\u017ce\u0144stwa dozna\u0142em po\u017cytku&#8221;.<\/p>\n<p style=\"text-align: justify;\">&#8222;Ciesz\u0119 si\u0119, \u017ce mog\u0119 podzieli\u0107 si\u0119 z wami moim nabo\u017ce\u0144stwem do Matki Bo\u017cej Szkaplerznej. Szkaplerz, kt\u00f3ry przyj\u0105\u0142em z r\u0105k o. Sylwestra nosz\u0119 zawsze, a chocia\u017c mieszka\u0142em w cieniu ko\u015bcio\u0142a parafialnego, wasz ko\u015bci\u00f3\u0142 na G\u00f3rce by\u0142 mi zawsze bardzo drogi. W\u015br\u00f3d wielu nabo\u017ce\u0144stw, kt\u00f3re urzeka\u0142y m\u0105 dzieci\u0119c\u0105 dusz\u0119, najgorliwiej korzysta\u0142em z nowenny przed uroczysto\u015bci\u0105 Matki Bo\u017cej z G\u00f3ry Karmel. By\u0142 to czas wakacji, miesi\u0105c lipiec. Dawniej nie wyje\u017cd\u017ca\u0142o si\u0119 na wczasy, jak obecnie. Wakacje sp\u0119dza\u0142em w Wadowicach, wi\u0119c nigdy do czasu mojego wyjazdu z Wadowic nie opuszcza\u0142em popo\u0142udniowych nabo\u017ce\u0144stw w czasie nowenny. Czasem trudno si\u0119 by\u0142o oderwa\u0107 od koleg\u00f3w, wyj\u015b\u0107 z orze\u017awiaj\u0105cych fal kochanej Skawy, ale melodyjny g\u0142os karmelita\u0144skich dzwon\u00f3w by\u0142 taki mocny, taki przenikaj\u0105cy do g\u0142\u0119bi duszy, wi\u0119c szed\u0142em. Tak, tak, mieszka\u0142em obok ko\u015bcio\u0142a parafialnego, ale wzrasta\u0142em w ko\u015bciele \u015bw. J\u00f3zefa&#8221;.<\/p>\n<p style=\"text-align: justify;\">\u201eSzkaplerz jest przewodnikiem czu\u0142ej i synowskiej pobo\u017cno\u015bci maryjnej. Poprzez szkaplerz czciciele Maryi (&#8230;) wyra\u017caj\u0105 pragnienie kszta\u0142towania swojego \u017cycia w oparciu o Jej przyk\u0142ad jako Matki, Opiekunki, Siostry, Przeczystej Dziewicy, przyjmuj\u0105c z czystym sercem S\u0142owo Bo\u017ce i oddaj\u0105c si\u0119 s\u0142u\u017cbie barciom. Niech Wam zatem towarzyszy Matka Bo\u017ca Szkaplerzna! Niech was Ona prowadzi jak gwiazda, kt\u00f3ra nigdy nie znika z horyzontu. I niech was Ona zawiedzie w ko\u0144cu do Boga, ostatecznego Portu, ostatniej Przystani nas wszystkich\u201d<\/p>\n<p style=\"text-align: right;\"><strong>\u00a0Tekst: Al. Grzegorz Wala<br \/>\nw: My\u015blnik Klerycki nr 2 (52) 2013\/2014, s. 34.<\/strong><\/p>\n","protected":false},"excerpt":{"rendered":"<p>W naszej parafii istnieje mo\u017cliwo\u015b\u0107 przyj\u0119cia Szkaplerza Karmelita\u0144skiego a co za tym idzie do Rodziny Szkaplerznej a nast\u0119pnie do\u00a0Bractwa Szkaplerznego. Tak\u0105 mo\u017cliwo\u015b\u0107 mamy 16 dnia ka\u017cdego miesi\u0105ca na Mszy \u015aw. o godz. 18.00 kiedy to Rodzina Szkaplerzna gromadz\u00a0si\u0119 na comiesi\u0119cznym spotkaniu formacyjnym. A czym w og\u00f3le \u00a0jest Szkaplerz\u00a0Naj\u015bwi\u0119tszej Maryi Panny z G\u00f3ry Karmel? Szkaplerz to [&hellip;]<\/p>\n","protected":false},"author":1,"featured_media":0,"parent":0,"menu_order":0,"comment_status":"closed","ping_status":"closed","template":"","meta":{"ngg_post_thumbnail":0,"footnotes":""},"class_list":["post-81","page","type-page","status-publish","hentry"],"_links":{"self":[{"href":"https:\/\/rafalk-elblag.pl\/index.php?rest_route=\/wp\/v2\/pages\/81","targetHints":{"allow":["GET"]}}],"collection":[{"href":"https:\/\/rafalk-elblag.pl\/index.php?rest_route=\/wp\/v2\/pages"}],"about":[{"href":"https:\/\/rafalk-elblag.pl\/index.php?rest_route=\/wp\/v2\/types\/page"}],"author":[{"embeddable":true,"href":"https:\/\/rafalk-elblag.pl\/index.php?rest_route=\/wp\/v2\/users\/1"}],"replies":[{"embeddable":true,"href":"https:\/\/rafalk-elblag.pl\/index.php?rest_route=%2Fwp%2Fv2%2Fcomments&post=81"}],"version-history":[{"count":16,"href":"https:\/\/rafalk-elblag.pl\/index.php?rest_route=\/wp\/v2\/pages\/81\/revisions"}],"predecessor-version":[{"id":1484,"href":"https:\/\/rafalk-elblag.pl\/index.php?rest_route=\/wp\/v2\/pages\/81\/revisions\/1484"}],"wp:attachment":[{"href":"https:\/\/rafalk-elblag.pl\/index.php?rest_route=%2Fwp%2Fv2%2Fmedia&parent=81"}],"curies":[{"name":"wp","href":"https:\/\/api.w.org\/{rel}","templated":true}]}}