{"id":64,"date":"2014-09-01T15:23:59","date_gmt":"2014-09-01T15:23:59","guid":{"rendered":"http:\/\/rafalk-elblag.pl\/?page_id=64"},"modified":"2026-01-31T22:55:33","modified_gmt":"2026-01-31T22:55:33","slug":"godziny-celebracji-mszy-swietych-i-nabozenstw","status":"publish","type":"page","link":"https:\/\/rafalk-elblag.pl\/?page_id=64","title":{"rendered":"Godziny celebracji Mszy \u015awi\u0119tych i nabo\u017ce\u0144stw"},"content":{"rendered":"<table>\n<tbody>\n<tr>\n<td colspan=\"3\" width=\"604\">\n<h2 style=\"text-align: center;\"><strong><span style=\"color: #666699;\">CELEBRACJA MSZY \u015aWI\u0118TEJ<\/span><\/strong><\/h2>\n<\/td>\n<\/tr>\n<tr>\n<td width=\"302\">\n<h3 style=\"text-align: center;\"><span style=\"color: #666699;\"><strong><em>W niedziel\u0119:<\/em><\/strong><\/span><\/h3>\n<\/td>\n<td colspan=\"2\" width=\"302\">\n<h3 style=\"text-align: center;\"><span style=\"color: #666699;\"><strong><em>W tygodniu:<\/em><\/strong><\/span><\/h3>\n<\/td>\n<\/tr>\n<tr>\n<td width=\"302\"><strong>8.00<\/strong><\/td>\n<td colspan=\"2\" width=\"302\">Pon &#8211; Pt. 8.00, 18.00&nbsp;<\/td>\n<\/tr>\n<tr>\n<td width=\"302\"><strong>10.00 \u2013 z udzia\u0142em dzieci<br \/>\n<\/strong><\/td>\n<td colspan=\"2\" width=\"302\">Sobota 8.00, 18.00&nbsp;<\/td>\n<\/tr>\n<tr>\n<td width=\"302\"><strong>12.00<\/strong>&nbsp;\u2013 Suma Parafialna<\/td>\n<td width=\"151\"><strong>Msza \u015aw. wotywna o powo\u0142ania kap\u0142a\u0144skie<\/strong><\/td>\n<td width=\"151\">Pierwszy czwartek miesi\u0105ca godz. 18.00<\/td>\n<\/tr>\n<tr>\n<td width=\"302\"><strong>15.00&nbsp;\u2013 z koronk\u0105 do Bo\u017cego Mi\u0142osierdzia<br \/>\n(od pierwszej niedzieli czerwca do ostatniej niedzieli sierpnia Mszy \u015bw. nie ma &#8211; Koronka pozostaje bez zmian)<\/strong><\/td>\n<td width=\"151\"><span style=\"color: #ff0000;\"><strong>Msza \u015aw. wotywna o Naj\u015bwi\u0119tszym Sercu Pana Jezusa<\/strong><\/span><\/td>\n<td width=\"151\">Pierwszy pi\u0105tek miesi\u0105ca:<br \/>\n&#8211; 16.30 \u2013 dla dzieci<br \/>\n&#8211; 18.00 \u2013 dla doros\u0142ych<\/td>\n<\/tr>\n<tr>\n<td width=\"302\"><strong>18.00&nbsp;\u2013 z udzia\u0142em m\u0142odzie\u017cy<\/strong><\/td>\n<td rowspan=\"2\" width=\"151\"><span style=\"color: #0000ff;\"><strong>Msza \u015aw. wotywna o Niepokalanym Sercu NMP<\/strong><\/span><\/td>\n<td rowspan=\"2\" width=\"151\">Pierwsza sobota miesi\u0105ca godz. 18.00<\/td>\n<\/tr>\n<tr>\n<td width=\"302\">&nbsp;<\/td>\n<\/tr>\n<\/tbody>\n<\/table>\n<p>&nbsp;<\/p>\n<table>\n<tbody>\n<tr>\n<td colspan=\"2\" width=\"604\">\n<h2 style=\"text-align: center;\"><strong><span style=\"color: #666699;\">SAKRAMENT POKUTY I POJEDNANIA<\/span><\/strong><\/h2>\n<\/td>\n<\/tr>\n<tr>\n<td width=\"302\"><strong>Codziennie<\/strong><\/td>\n<td width=\"302\">Przed Msz\u0105 \u015bw. od 7:45<br \/>\nPrzed Msz\u0105 \u015bw. od 17:30<\/td>\n<\/tr>\n<tr>\n<td width=\"302\"><strong>Pierwszy pi\u0105tek miesi\u0105ca<\/strong><\/td>\n<td width=\"302\">od g. 17.30 \u2013 dla doros\u0142ych i m\u0142odzie\u017cy<\/td>\n<\/tr>\n<\/tbody>\n<\/table>\n<p>&nbsp;<\/p>\n<table>\n<tbody>\n<tr>\n<td colspan=\"2\" width=\"604\">\n<h2 style=\"text-align: center;\"><strong><span style=\"color: #666699;\">NABO\u017bE\u0143STWA<\/span><\/strong><\/h2>\n<\/td>\n<\/tr>\n<tr>\n<td width=\"302\"><strong>Nowenna do Matki Bo\u017cej Nieustaj\u0105cej Pomocy<\/strong><\/td>\n<td width=\"302\">\u015aroda, godz. 17.30<\/td>\n<\/tr>\n<tr>\n<td width=\"302\"><strong>Adoracja Naj\u015bwi\u0119tszego Sakramentu<\/strong><strong>&nbsp;NABO\u017bE\u0143STWA<\/strong><\/td>\n<td width=\"302\">Pierwsza niedziela ka\u017cdego miesi\u0105ca od godz. 16.00 do 18.00 ( w wakacje od godz. 15.00)<\/p>\n<p>Ka\u017cdy czwartek od godz.18.45 do 20.00&nbsp;<\/td>\n<\/tr>\n<tr>\n<td width=\"302\"><strong>Godzina \u015awi\u0119ta<\/strong>&nbsp;(nabo\u017ce\u0144stwo o powo\u0142ania kap\u0142a\u0144skie i zakonne)<\/td>\n<td width=\"302\">Pierwszy czwartek ka\u017cdego miesi\u0105ca po Mszy \u015aw. wieczornej<\/td>\n<\/tr>\n<tr>\n<td width=\"302\"><strong>Nabo\u017ce\u0144stwo do Naj\u015bwi\u0119tszego Serca Pana Jezusa<\/strong><\/td>\n<td width=\"302\">Pierwszy pi\u0105tek ka\u017cdego miesi\u0105ca od godz. 17.30<\/td>\n<\/tr>\n<tr>\n<td width=\"302\"><strong>Nabo\u017ce\u0144stwo wynagradzaj\u0105ce&nbsp;<\/strong><strong>Niepokalanemu Sercu Maryi&nbsp;<\/strong><strong>za zniewagi grzesznik\u00f3w<\/strong><\/td>\n<td width=\"302\">Pierwsza sobota ka\u017cdego miesi\u0105ca o godz. 17.00<\/td>\n<\/tr>\n<\/tbody>\n<\/table>\n<p>&nbsp;<\/p>\n<table>\n<tbody>\n<tr>\n<td colspan=\"2\" width=\"604\">\n<h2 style=\"text-align: center;\"><strong><span style=\"color: #666699;\">NABO\u017bE\u0143STWA OKRESOWE<\/span><\/strong><\/h2>\n<\/td>\n<\/tr>\n<tr>\n<td colspan=\"2\" width=\"604\">\n<h3 style=\"text-align: center;\"><span style=\"color: #666699;\"><strong><em>W pa\u017adzierniku:<\/em><\/strong><\/span><\/h3>\n<\/td>\n<\/tr>\n<tr>\n<td width=\"302\"><strong>Nabo\u017ce\u0144stwo r\u00f3\u017ca\u0144cowe<\/strong><\/td>\n<td width=\"302\">codziennie o godz. 17.15<\/td>\n<\/tr>\n<tr>\n<td colspan=\"2\" width=\"604\">\n<h3 style=\"text-align: center;\"><span style=\"color: #666699;\"><strong><em>W Wielkim Po\u015bcie:<\/em><\/strong><\/span><\/h3>\n<\/td>\n<\/tr>\n<tr>\n<td width=\"302\"><strong>Droga Krzy\u017cowa<\/strong><\/td>\n<td width=\"302\">w ka\u017cdy pi\u0105tek:<br \/>\ng. 16.30 dla dzieci,<br \/>\ng. 17.15 dla doros\u0142ych,<br \/>\ng. 19.00 dla m\u0142odzie\u017cy<\/td>\n<\/tr>\n<tr>\n<td width=\"302\"><strong>Gorzkie \u017bale<\/strong><\/td>\n<td width=\"302\">w ka\u017cd\u0105 niedziel\u0119 o godz. 17.15<\/td>\n<\/tr>\n<tr>\n<td colspan=\"2\" width=\"604\">\n<h3 style=\"text-align: center;\"><span style=\"color: #666699;\"><strong><em>W maju:<\/em><\/strong><\/span><\/h3>\n<\/td>\n<\/tr>\n<tr>\n<td width=\"302\"><strong>Nabo\u017ce\u0144stwo majowe<\/strong><\/td>\n<td width=\"302\">codziennie o godz. 17.30<\/td>\n<\/tr>\n<tr>\n<td colspan=\"2\" width=\"604\">\n<h3 style=\"text-align: center;\"><span style=\"color: #666699;\"><strong><em>W<\/em><\/strong><strong>&nbsp;<em>czerwcu<\/em>:<\/strong><\/span><\/h3>\n<\/td>\n<\/tr>\n<tr>\n<td width=\"302\"><strong>Nabo\u017ce\u0144stwo czerwcowe<\/strong><\/td>\n<td width=\"302\">codziennie o godz. 17.30<\/td>\n<\/tr>\n<\/tbody>\n<\/table>\n","protected":false},"excerpt":{"rendered":"<p>CELEBRACJA MSZY \u015aWI\u0118TEJ W niedziel\u0119: W tygodniu: 8.00 Pon &#8211; Pt. 8.00, 18.00&nbsp; 10.00 \u2013 z udzia\u0142em dzieci Sobota 8.00, 18.00&nbsp; 12.00&nbsp;\u2013 Suma Parafialna Msza \u015aw. wotywna o powo\u0142ania kap\u0142a\u0144skie Pierwszy czwartek miesi\u0105ca godz. 18.00 15.00&nbsp;\u2013 z koronk\u0105 do Bo\u017cego Mi\u0142osierdzia (od pierwszej niedzieli czerwca do ostatniej niedzieli sierpnia Mszy \u015bw. nie ma &#8211; Koronka [&hellip;]<\/p>\n","protected":false},"author":1,"featured_media":0,"parent":0,"menu_order":0,"comment_status":"closed","ping_status":"closed","template":"","meta":{"ngg_post_thumbnail":0,"footnotes":""},"class_list":["post-64","page","type-page","status-publish","hentry"],"_links":{"self":[{"href":"https:\/\/rafalk-elblag.pl\/index.php?rest_route=\/wp\/v2\/pages\/64","targetHints":{"allow":["GET"]}}],"collection":[{"href":"https:\/\/rafalk-elblag.pl\/index.php?rest_route=\/wp\/v2\/pages"}],"about":[{"href":"https:\/\/rafalk-elblag.pl\/index.php?rest_route=\/wp\/v2\/types\/page"}],"author":[{"embeddable":true,"href":"https:\/\/rafalk-elblag.pl\/index.php?rest_route=\/wp\/v2\/users\/1"}],"replies":[{"embeddable":true,"href":"https:\/\/rafalk-elblag.pl\/index.php?rest_route=%2Fwp%2Fv2%2Fcomments&post=64"}],"version-history":[{"count":15,"href":"https:\/\/rafalk-elblag.pl\/index.php?rest_route=\/wp\/v2\/pages\/64\/revisions"}],"predecessor-version":[{"id":6052,"href":"https:\/\/rafalk-elblag.pl\/index.php?rest_route=\/wp\/v2\/pages\/64\/revisions\/6052"}],"wp:attachment":[{"href":"https:\/\/rafalk-elblag.pl\/index.php?rest_route=%2Fwp%2Fv2%2Fmedia&parent=64"}],"curies":[{"name":"wp","href":"https:\/\/api.w.org\/{rel}","templated":true}]}}