{"id":159,"date":"2014-09-03T09:53:46","date_gmt":"2014-09-03T09:53:46","guid":{"rendered":"http:\/\/rafalk-elblag.pl\/?page_id=159"},"modified":"2014-09-03T14:47:19","modified_gmt":"2014-09-03T14:47:19","slug":"patron-parafii","status":"publish","type":"page","link":"https:\/\/rafalk-elblag.pl\/?page_id=159","title":{"rendered":"Patron parafii"},"content":{"rendered":"<p style=\"text-align: justify;\"><a href=\"http:\/\/rafalk-elblag.pl\/wp-content\/uploads\/2014\/09\/srafael.jpg\"><img loading=\"lazy\" decoding=\"async\" class=\"alignnone size-full wp-image-168\" src=\"http:\/\/rafalk-elblag.pl\/wp-content\/uploads\/2014\/09\/srafael.jpg\" alt=\"srafael\" width=\"575\" height=\"227\" srcset=\"https:\/\/rafalk-elblag.pl\/wp-content\/uploads\/2014\/09\/srafael.jpg 575w, https:\/\/rafalk-elblag.pl\/wp-content\/uploads\/2014\/09\/srafael-300x118.jpg 300w\" sizes=\"auto, (max-width: 575px) 100vw, 575px\" \/><\/a><\/p>\n<p style=\"text-align: justify;\"><strong>Rafa\u0142 od \u00a0\u015aw. J\u00f3zefa (J\u00f3zef Kalinowski)<\/strong> urodzi\u0142 si\u0119 1 wrze\u015bnia 1835 roku w Wilnie. Otrzyma\u0142 staranne wychowanie i wykszta\u0142cenie i zosta\u0142 in\u017cynierem wojskowym. Po wybuchu powstania styczniowego przy\u0142\u0105czy\u0142 si\u0119 do walcz\u0105cych i by\u0142 jednym z przyw\u00f3dc\u00f3w. Pochwycony przez Rosjan, zosta\u0142 zes\u0142any w roku 1864 na dziesi\u0119\u0107 lat przymusowych rob\u00f3t na Syberii. Po odzyskaniu wolno\u015bci by\u0142 wychowawc\u0105 s\u0142ugi Bo\u017cego Augusta Czartoryskiego. W roku 1877 wstapil do Zakonu Karmelit\u00f3w Bosych i otrzyma\u0142 imi\u0119 Rafa\u0142a od \u015bw. J\u00f3zefa. \u015awi\u0119cenia kap\u0142a\u0144skie przyj\u0105\u0142 w 1882 roku w Czernej ko\u0142o Krakowa. Odznacza\u0142 si\u0119 wielk\u0105 gorliwosci\u0105 w \u017cyciu zakonnym i kap\u0142a\u0144skim; niestrudzenie oddawa\u0142 si\u0119 pos\u0142udze sakramentu pokuty i kierownictwu duchowemu. Odnowi\u0142 Zakon Karmelit\u00f3w Bosych w Polsce. Zmar\u0142 w Wadowicach 15 listopada 1907 roku. W roku 1983 papie\u017c Jan Pawe\u0142 II zaliczy\u0142 go w poczet b\u0142ogos\u0142awionych, a w 1991 og\u0142osi\u0142 go \u015bwi\u0119tym.<\/p>\n<p style=\"text-align: justify;\"><strong>Z konferencji \u015bw. Rafa\u0142a Kalinowskiego<\/strong><\/p>\n<p style=\"text-align: justify;\"><em>Nic nie jest bardziej zalecane w Pi\u015bmie \u015bwi\u0119tym, jak \u017cycie w doskona\u0142o\u015bci i \u015bwi\u0119to\u015bci, zupe\u0142ne i doskona\u0142e wykonywanie naszych obowi\u0105zk\u00f3w. W Starym Testamencie Pan i B\u00f3g nasz, nauczaj\u0105c sw\u00f3j lud, wo\u0142a\u0142 ku niemu: &#8222;B\u0105d\u017acie \u015bwi\u0119tymi, poniewa\u017c Ja jestem \u015bwi\u0119ty!&#8221;.<\/em><\/p>\n<p style=\"text-align: justify;\"><em>Pan nasz Jezus Chrystus, kt\u00f3ry zosta\u0142 nam dany przez Ojca Przedwiecznego za Nauczyciela, Mistrza i Przewodnika, potwierdzi\u0142 i umocni\u0142 to samo wezwanie, gdy nakaza\u0142 nam, aby\u015bmy stawili przed sob\u0105 jako wz\u00f3r do na\u015bladowania sam\u0105 \u015bwi\u0119to\u015b\u0107 Jego Ojca: &#8222;B\u0105d\u017acie wi\u0119c wy doskonali, jak i doskona\u0142y jest Ojciec wasz niebieski&#8221;. Lecz c\u00f3\u017c jest wymaganym, aby by\u0107 \u015bwi\u0119tym, aby by\u0107 doskona\u0142ym? Na to daj\u0105 odpowied\u017a doktorowie Ko\u015bcio\u0142a &#8211; znawcy duszy, mistrzowie \u017cycia duchowego: &#8222;Je\u017celi chcesz sta\u0107 si\u0119 \u015bwi\u0119tym, sta\u0107 si\u0119 doskona\u0142ym, b\u0105d\u017a wiernym wykonawc\u0105 twoich obowi\u0105zk\u00f3w&#8221;. Jeden z ojc\u00f3w pustyni, zapytany przez m\u0142odego pustelnika, jakie to s\u0105 ksi\u0105\u017cki, kt\u00f3re czytaj\u0105c m\u00f3g\u0142by biec drog\u0105 \u015bwi\u0119to\u015bci, nast\u0119puj\u0105cej udzieli\u0142 mu odpowiedzi: &#8222;Co do mnie, dwie tylko znam ksi\u0119gi: Ewangeli\u0119 &#8211; i t\u0119 rano czytam, i ksi\u0119g\u0119 Regu\u0142y, czytan\u0105 przeze mnie wieczorem. Pierwsza naucza mnie, jak mam post\u0119powa\u0107, by si\u0119 sta\u0107 uczniem Pana naszego Jezusa Chrystusa, druga za\u015b &#8211; co mam wykonywa\u0107, by si\u0119 sta\u0107 dobrym zakonnikiem. I to mi wystarcza&#8221;.<\/em><\/p>\n<p style=\"text-align: justify;\"><em>Czytajmy wi\u0119c nasze prawa, by m\u00f3c stosowa\u0107 do nich nasze post\u0119powanie! &#8222;Gdy idziesz, niech one ci\u0119 wiod\u0105, czuwaj\u0105 nad tob\u0105, gdy za\u015bniesz; gdy budzisz si\u0119 &#8211; niech m\u00f3wi\u0105 do ciebie&#8221;. Gdziekolwiek jeste\u015bmy, niech nam towarzysz\u0105 dla kierowania naszych krok\u00f3w w klasztorze lub w ogrodzie; niech b\u0119d\u0105 przy nas, gdy zasypiamy; niech b\u0119d\u0105 owocne w naszej my\u015bli, gdy czuwa\u0107 zaczynamy &#8211; aby otrz\u0119s\u0142y z nas oci\u0119\u017ca\u0142o\u015b\u0107, gdy s\u0142yszymy g\u0142os do wstawania. Wyjdziemy z nimi zwyci\u0119sko z pow\u0105tpiewa\u0144, zwalczymy przeszkody i up\u00f3r ze strony natury, nieprzyjaci\u00f3\u0142ki trud\u00f3w, wrogiej wszelkiemu po\u015bwi\u0119caniu si\u0119, mi\u0142o\u015bniczki wyg\u00f3d, wymy\u015blnej w wyszukiwaniu pobudki do uniewinniania swych nikczemno\u015bci. Nasze prawa dadz\u0105 nam zwalczy\u0107 boja\u017a\u0144 wyimaginowanych niebezpiecze\u0144stw i pobudz\u0105 nas, by r\u0105czo i\u015b\u0107 drog\u0105 pos\u0142usze\u0144stwa, gdy nas ono wzywa czy do modlitwy my\u015blnej, czy do ch\u00f3ru, czy do innej pracy lub jakichkolwiek akt\u00f3w zakonnej karno\u015bci. Niech b\u0119d\u0105 zawsze przy nas w ci\u0105gu ca\u0142ego dnia, dla szukania w nich rady i wys\u0142uchania odpowiedzi w duchu uleg\u0142o\u015bci, a wspania\u0142omy\u015blnym sercem<\/em>.<\/p>\n","protected":false},"excerpt":{"rendered":"<p>Rafa\u0142 od \u00a0\u015aw. J\u00f3zefa (J\u00f3zef Kalinowski) urodzi\u0142 si\u0119 1 wrze\u015bnia 1835 roku w Wilnie. Otrzyma\u0142 staranne wychowanie i wykszta\u0142cenie i zosta\u0142 in\u017cynierem wojskowym. Po wybuchu powstania styczniowego przy\u0142\u0105czy\u0142 si\u0119 do walcz\u0105cych i by\u0142 jednym z przyw\u00f3dc\u00f3w. Pochwycony przez Rosjan, zosta\u0142 zes\u0142any w roku 1864 na dziesi\u0119\u0107 lat przymusowych rob\u00f3t na Syberii. Po odzyskaniu wolno\u015bci by\u0142 [&hellip;]<\/p>\n","protected":false},"author":1,"featured_media":0,"parent":0,"menu_order":0,"comment_status":"closed","ping_status":"closed","template":"","meta":{"ngg_post_thumbnail":0,"footnotes":""},"class_list":["post-159","page","type-page","status-publish","hentry"],"_links":{"self":[{"href":"https:\/\/rafalk-elblag.pl\/index.php?rest_route=\/wp\/v2\/pages\/159","targetHints":{"allow":["GET"]}}],"collection":[{"href":"https:\/\/rafalk-elblag.pl\/index.php?rest_route=\/wp\/v2\/pages"}],"about":[{"href":"https:\/\/rafalk-elblag.pl\/index.php?rest_route=\/wp\/v2\/types\/page"}],"author":[{"embeddable":true,"href":"https:\/\/rafalk-elblag.pl\/index.php?rest_route=\/wp\/v2\/users\/1"}],"replies":[{"embeddable":true,"href":"https:\/\/rafalk-elblag.pl\/index.php?rest_route=%2Fwp%2Fv2%2Fcomments&post=159"}],"version-history":[{"count":4,"href":"https:\/\/rafalk-elblag.pl\/index.php?rest_route=\/wp\/v2\/pages\/159\/revisions"}],"predecessor-version":[{"id":170,"href":"https:\/\/rafalk-elblag.pl\/index.php?rest_route=\/wp\/v2\/pages\/159\/revisions\/170"}],"wp:attachment":[{"href":"https:\/\/rafalk-elblag.pl\/index.php?rest_route=%2Fwp%2Fv2%2Fmedia&parent=159"}],"curies":[{"name":"wp","href":"https:\/\/api.w.org\/{rel}","templated":true}]}}