{"id":107,"date":"2014-09-02T13:04:35","date_gmt":"2014-09-02T13:04:35","guid":{"rendered":"http:\/\/rafalk-elblag.pl\/?page_id=107"},"modified":"2025-09-03T21:58:21","modified_gmt":"2025-09-03T21:58:21","slug":"duszpasterze","status":"publish","type":"page","link":"https:\/\/rafalk-elblag.pl\/?page_id=107","title":{"rendered":"Duszpasterze"},"content":{"rendered":"\r\n<p style=\"text-align: left;\"><strong><span style=\"font-size: 26px;\">Proboszcz parafii<\/span><\/strong><\/p>\r\n<div class=\"wp-block-columns\">\r\n<div class=\"wp-block-column\">\r\n<h2 class=\"wp-block-heading\"><a href=\"http:\/\/rafalk-elblag.pl\/wp-content\/uploads\/2023\/09\/proboszcz.jpg\"><img loading=\"lazy\" decoding=\"async\" width=\"300\" height=\"300\" class=\"wp-image-5214 aligncenter\" src=\"http:\/\/rafalk-elblag.pl\/wp-content\/uploads\/2023\/09\/proboszcz.jpg\" alt=\"\" srcset=\"https:\/\/rafalk-elblag.pl\/wp-content\/uploads\/2023\/09\/proboszcz.jpg 300w, https:\/\/rafalk-elblag.pl\/wp-content\/uploads\/2023\/09\/proboszcz-150x150.jpg 150w\" sizes=\"auto, (max-width: 300px) 100vw, 300px\" \/><\/a><\/h2>\r\n<p><strong>KS. KAN. WOJCIECH ZWOLICKI<\/strong> &#8211; ur. 19.04.1967 r. w Malborku, \u015bwi\u0119cenia kap\u0142a\u0144skie: 11.06.1994 r. w Elbl\u0105gu, proboszcz parafii od 2002 r., moderator: Bractwa Szkaplerznego, Duchowej Adopcji, Domowego Ko\u015bcio\u0142a: rejonu Elbl\u0105g P\u00f3\u0142noc, wicedziekan dekanatu Elbl\u0105g P\u00f3\u0142noc (2008-2012, od 2018); cz\u0142onek zarz\u0105du \u201eCaritas Sacerdotalis\u201d (2007), cz\u0142onek diecezjalnej rady<br>duszpasterskiej (2021).<\/p>\r\n<\/div>\r\n<div class=\"wp-block-column\">\r\n<h2>&nbsp;<\/h2>\r\n<h2>&nbsp;<\/h2>\r\n<h2 class=\"wp-block-heading\">Wikariusz<\/h2>\r\n<\/div>\r\n<\/div>\r\n<p><a href=\"http:\/\/rafalk-elblag.pl\/wp-content\/uploads\/2025\/08\/4d3becfa-9dae-40e9-bff9-a6a9ed7182f2.jpg\"><img loading=\"lazy\" decoding=\"async\" class=\"size-medium wp-image-5799 aligncenter\" src=\"http:\/\/rafalk-elblag.pl\/wp-content\/uploads\/2025\/08\/4d3becfa-9dae-40e9-bff9-a6a9ed7182f2-233x300.jpg\" alt=\"\" width=\"233\" height=\"300\" srcset=\"https:\/\/rafalk-elblag.pl\/wp-content\/uploads\/2025\/08\/4d3becfa-9dae-40e9-bff9-a6a9ed7182f2-233x300.jpg 233w, https:\/\/rafalk-elblag.pl\/wp-content\/uploads\/2025\/08\/4d3becfa-9dae-40e9-bff9-a6a9ed7182f2-797x1024.jpg 797w, https:\/\/rafalk-elblag.pl\/wp-content\/uploads\/2025\/08\/4d3becfa-9dae-40e9-bff9-a6a9ed7182f2-768x987.jpg 768w, https:\/\/rafalk-elblag.pl\/wp-content\/uploads\/2025\/08\/4d3becfa-9dae-40e9-bff9-a6a9ed7182f2-1196x1536.jpg 1196w, https:\/\/rafalk-elblag.pl\/wp-content\/uploads\/2025\/08\/4d3becfa-9dae-40e9-bff9-a6a9ed7182f2.jpg 1594w\" sizes=\"auto, (max-width: 233px) 100vw, 233px\" \/><\/a><\/p>\r\n<p><strong>KS. MGR ADAM GAPYS<\/strong> &#8211; ur. 24.12.1987 r. w Nowym Mie\u015bcie Lubawskim, pochodzi z I\u0142awy. W maju 2022 r. uko\u0144czy\u0142 studia magisterskie na Wydziale Teologii Uniwersytetu Warmi\u0144sko-Mazurskiego w Olsztynie. \u015awi\u0119cenia Prezbiteratu przyj\u0105\u0142 z r\u0105k Biskupa dra Jacka Jezierskiego dnia 28.05.2022 r. w Katedrze Elbl\u0105skiej. Od 1.07.2022 r. do 31.07.2025 r. by\u0142 wikariuszem parafii \u015bw. Wojciecha w Elbl\u0105gu. Dnia 16.05.2025 r. uko\u0144czy\u0142 studia z zakresu Zarz\u0105dzania Dobrami i Maj\u0105tkiem Ko\u015bcielnym na Katolickim Uniwersytecie Lubelskim \u015bw. Jana Paw\u0142a II w Lublinie. Od 1.08.2025 r. jest wikariuszem parafii \u015bw. Rafa\u0142a Kalinowskiego w Elbl\u0105gu.<\/p>\r\n<p>&nbsp;<\/p>\r\n<div class=\"wp-block-columns\">\r\n<div class=\"wp-block-column\">\r\n<h2 class=\"wp-block-heading\">Byli duszpasterze<\/h2>\r\n<p><strong>ks. kan. Adam \u015aniechowski<\/strong> &#8211; pierwszy proboszcz parafii (1993 &#8211; 2002);<\/p>\r\n<p>ks. Jaros\u0142aw Kie\u0142b<br>ks. Zbigniew Pieczuro<br>ks. Eugeniusz Grzesik<br>ks. Robert Kami\u0144ski<br>ks. Waldemar Joniak<br>ks. Marian Ja\u017cd\u017cewski<br>ks. S\u0142awomir Hermanowicz<br>ks. Pawe\u0142 Guminiak<br>ks. Jacek Szubrycht<br>ks. Piotr Molenda<br>ks. Adrian Wo\u017aniak<br>ks. Adam Skrzy\u0144ski<br>ks. Tomasz Wieczorek<br>ks. S\u0142awomir Milde<br>ks. Marcin Marciniak<br>ks. \u0141ukasz Garbacki<br>ks. Piotr Wolnikowski<br>ks. Marcin Dopiera\u0142a<br>ks. Kamil Miko\u0142ajczyk<br>ks. Marian Ja\u017cd\u017cewski<br>ks. Sylwester \u017bbikowski<br>ks. Mateusz Ka\u017amierczak&nbsp;<br>ks. Piotr Kuczewski<br>ks. Marcin Rusiecki<\/p>\r\n<div class=\"wp-block-spacer\" style=\"height: 20px;\" aria-hidden=\"true\">&nbsp;<\/div>\r\n<h2 class=\"wp-block-heading\">Pomoc duszpasterska w parafii<\/h2>\r\n<p>ks. Mieczys\u0142aw Id\u017akowski (1993 &#8211; 2006),<br>dn Dariusz Marut CSSp (2007-2008),<br>ks. kan. Piotr Bryk (2009-2021).<\/p>\r\n<\/div>\r\n<\/div>\r\n","protected":false},"excerpt":{"rendered":"","protected":false},"author":1,"featured_media":0,"parent":0,"menu_order":0,"comment_status":"closed","ping_status":"closed","template":"","meta":{"ngg_post_thumbnail":0,"footnotes":""},"class_list":["post-107","page","type-page","status-publish","hentry"],"_links":{"self":[{"href":"https:\/\/rafalk-elblag.pl\/index.php?rest_route=\/wp\/v2\/pages\/107","targetHints":{"allow":["GET"]}}],"collection":[{"href":"https:\/\/rafalk-elblag.pl\/index.php?rest_route=\/wp\/v2\/pages"}],"about":[{"href":"https:\/\/rafalk-elblag.pl\/index.php?rest_route=\/wp\/v2\/types\/page"}],"author":[{"embeddable":true,"href":"https:\/\/rafalk-elblag.pl\/index.php?rest_route=\/wp\/v2\/users\/1"}],"replies":[{"embeddable":true,"href":"https:\/\/rafalk-elblag.pl\/index.php?rest_route=%2Fwp%2Fv2%2Fcomments&post=107"}],"version-history":[{"count":56,"href":"https:\/\/rafalk-elblag.pl\/index.php?rest_route=\/wp\/v2\/pages\/107\/revisions"}],"predecessor-version":[{"id":5880,"href":"https:\/\/rafalk-elblag.pl\/index.php?rest_route=\/wp\/v2\/pages\/107\/revisions\/5880"}],"wp:attachment":[{"href":"https:\/\/rafalk-elblag.pl\/index.php?rest_route=%2Fwp%2Fv2%2Fmedia&parent=107"}],"curies":[{"name":"wp","href":"https:\/\/api.w.org\/{rel}","templated":true}]}}